{"id":3923,"date":"2023-05-22T11:03:47","date_gmt":"2023-05-22T10:03:47","guid":{"rendered":"https:\/\/ereb.eu\/?page_id=3923"},"modified":"2024-06-06T18:13:07","modified_gmt":"2024-06-06T17:13:07","slug":"about-us","status":"publish","type":"page","link":"https:\/\/ereb.eu\/it\/about-us\/","title":{"rendered":"About us"},"content":{"rendered":"<div class=\"column-content\">\n<h3>Attraversare visioni e collegare destini, ridisegnando l&#8217;Europa dalle fondamenta.<\/h3>\n<p><i><span style=\"font-weight: 400;\">ereb<\/span><\/i><span style=\"font-weight: 400;\"> \u00e8 il media che vi immerge nell&#8217;intimit\u00e0 del nostro continente. Per esplorare tutti gli angoli di questo nuovo mondo, vi offriamo diverse opzioni: un <\/span><b>grande reportage<\/b><span style=\"font-weight: 400;\"> mensile di parole e foto<\/span><span style=\"font-weight: 400;\">, una <\/span><b>newsletter<\/b><span style=\"font-weight: 400;\"> molto personale ogni quindici giorni, altri scambi di email e incontri vivaci durante l&#8217;anno.<\/span><\/p>\n<p><span style=\"font-weight: 400;\">ereb difende un giornalismo europeo transfrontaliero, impegnato e umano. Un <\/span><b>giornalismo transfrontaliero<\/b><span style=\"font-weight: 400;\"> \u00e8 un giornalismo che va oltre le frontiere, fa lavorare insieme reporter di diverse nazionalit\u00e0 e pubblica in tre lingue: francese, inglese e italiano. Un <\/span><b>giornalismo impegnato<\/b><span style=\"font-weight: 400;\"> \u00e8 un giornalismo che presta particolare attenzione alle lotte sociali, all&#8217;emergenza climatica, alla ricerca di identit\u00e0 e alle storie di esilio, temi che animano il nostro continente e che riguardano tutti noi. Un <\/span><b>giornalismo che si concentra sull&#8217;essere umano<\/b><span style=\"font-weight: 400;\"> \u00e8 un giornalismo che non si gira dall\u2019altra parte, che si prende il tempo per andare sul campo, per immergersi nella vita quotidiana e fa emergere belle storie e nuove voci da ascoltare. \u00c8 un giornalismo che mette al centro il suo pubblico e lo include nelle sue scelte editoriali.<\/span><\/p>\n<p style=\"text-align: center; margin-top: 30px;\"><i><span style=\"font-weight: 400;\">Vi invitiamo a leggere il nostro <\/span><\/i><i><span style=\"font-weight: 400;\">manifesto<\/span><\/i><i><span style=\"font-weight: 400;\"> per un giornalismo europeo pi\u00f9 umano<\/span><\/i><\/p>\n<p style=\"text-align: center;\"><a class=\"btn btn--red\" href=\"\/our-manifest\/\">Manifesto<\/a><\/p>\n<h3>Un&#8217;offerta su misura\/Uno stesso media e una stessa comunit\u00e0\/Una comunit\u00e0 in tutta Europa\/Uno stesso media per voi<\/h3>\n<p><span style=\"font-weight: 400;\">Dal suo lancio nel 2021, ereb \u00e8 cresciuto grazie a una comunit\u00e0 di lettori che vogliono essere coinvolti in ci\u00f2 che leggono. Fin dall&#8217;inizio, siamo stati sostenuti e guidati nelle nostre decisioni da coloro che chiamiamo i nostri membri, ai quali diamo un posto centrale in questa avventura giornalistica. Ogni mese scelgono le storie da pubblicare tra tre argomenti selezionati dalla nostra redazione. Diventare membri di ereb significa far parte di una comunit\u00e0 internazionale di cittadini che hanno il potere di mettere all&#8217;ordine del giorno i temi che stanno loro a cuore e hanno il desiderio di confrontare i propri punti di vista e le proprie esperienze con altre persone sparse in tutta Europa.<\/span><\/p>\n<p><span style=\"font-weight: 400;\">Iscrivendosi al nostro programma di membership:\u00a0<\/span><\/p>\n<ul>\n<li style=\"font-weight: 400;\" aria-level=\"1\"><span style=\"font-weight: 400;\">si ha accesso a un&#8217;esclusiva rubrica mensile<\/span><\/li>\n<li style=\"font-weight: 400;\" aria-level=\"1\"><span style=\"font-weight: 400;\">partecipate alla scelta degli argomenti<\/span><\/li>\n<li style=\"font-weight: 400;\" aria-level=\"1\"><span style=\"font-weight: 400;\">ci si pu\u00f2 relazionare con i giornalisti e gli altri membri di ereb<\/span><\/li>\n<li style=\"font-weight: 400;\" aria-level=\"1\"><span style=\"font-weight: 400;\">potete partecipare ai corsi di formazione ereb<\/span><\/li>\n<li style=\"font-weight: 400;\" aria-level=\"1\"><span style=\"font-weight: 400;\">ricevete una cartolina trimestrale che d\u00e0 seguito alle storie<\/span><\/li>\n<li style=\"font-weight: 400;\" aria-level=\"1\"><span style=\"font-weight: 400;\">potete rendere pubblico un articolo che ritenete di interesse pubblico.<\/span><\/li>\n<\/ul>\n<p><span style=\"font-weight: 400;\">Per scoprire tutta la nostra offerta e unirti all&#8217;avventura, visita questo <a href=\"https:\/\/ereb.eu\/it\/community\/\">link<\/a>.<\/span><\/p>\n<\/div>\n<p><!-- Team section--><\/p>\n<h3>Una squadra che attraversa il continente<\/h3>\n<p><i><span style=\"font-weight: 400;\">ereb<\/span><\/i><span style=\"font-weight: 400;\"> \u00e8 stato creato da ex dipendenti e collaboratori di Caf\u00e9babel, il primo media partecipativo europeo. Oggi, il media vive grazie alla sua rete di reporter basati ai quattro angoli d&#8217;Europa.<br \/>\n<\/span><\/p>\n<section class=\"ereb-team\"><!-- Team memeber--><\/p>\n<div class=\"team-member\">\n<div class=\"team-img\"><img decoding=\"async\" src=\"\/wp-content\/uploads\/2023\/05\/Graphic_Elements.png\" \/><\/div>\n<div class=\"team-bio\">\n<h4>H\u00e9l\u00e8ne Pillon<\/h4>\n<h6>Coordinatrice editoriale<\/h6>\n<p><span style=\"font-weight: 400;\">In <\/span><i><span style=\"font-weight: 400;\">ereb<\/span><\/i><span style=\"font-weight: 400;\">, sono io a proporre i prossimi argomenti da farvi scegliere. Sono anche quella che parla con i giornalisti di tutta Europa, li consiglia e corregge i loro articoli. E sono quella che parla con i testimoni che condividono un po&#8217; della loro intimit\u00e0 nella nostra newsletter. Mi piacciono le belle storie (non quella di una ragazza bionda che entra in un bar) e i bei titoli, cos\u00ec come mi piacciono i grandi versi rap o gli slogan delle manifestazioni.<\/span><\/p>\n<\/div>\n<\/div>\n<p><!-- Team memeber--><\/p>\n<div class=\"team-member\">\n<div class=\"team-img\"><img decoding=\"async\" src=\"\/wp-content\/uploads\/2023\/05\/Graphic_Elements.png\" \/><\/div>\n<div class=\"team-bio\">\n<h4>Francesca Festa<\/h4>\n<h6><span class=\"HwtZe\" lang=\"it\"><span class=\"jCAhz ChMk0b\"><span class=\"ryNqvb\"> C<span class=\"jCAhz JxVs2d ChMk0b\">onsulente per lo sviluppo<\/span><\/span><\/span><\/span><\/h6>\n<p>My motto: there are always solutions. You just have to believe in them with a little bit of madness and imagination! Always in a good mood and with music, because singing is good for the soul! Crossing borders is a choice for me.<\/p>\n<p>&nbsp;<\/p>\n<\/div>\n<\/div>\n<p><!-- Team memeber--><\/p>\n<div class=\"team-member\">\n<div class=\"team-img\"><img decoding=\"async\" src=\"\/wp-content\/uploads\/2023\/05\/Graphic_Elements.png\" \/><\/div>\n<div class=\"team-bio\">\n<h4>Quentin Ari\u00e8s<\/h4>\n<h6>Caporedattore<\/h6>\n<p>Sono stato giornalista a Bruxelles per un decennio e sono uno dei fondatori di ereb. Dopo essermi occupato di molte crisi europee, Grexit, Brexit, una pandemia, la guerra contro l&#8217;Ucraina, l&#8217;emergenza climatica, l&#8217;erosione dei nostri standard democratici e cos\u00ec via, voglio scrivere una nuova pagina di giornalismo transfrontaliero. Il nostro continente \u00e8 il mio campo professionale e personale. Per ereb, sto sviluppando il nostro programma di affiliazione (non esitate a sostenerci!) e i nostri prodotti editoriali.<\/p>\n<\/div>\n<\/div>\n<p><!-- Team memeber--><\/p>\n<div class=\"team-member\">\n<div class=\"team-bio\">\n<p>&nbsp;<\/p>\n<\/div>\n<\/div>\n<p><!-- Team memeber--><\/p>\n<p><!-- Team memeber--><\/p>\n<p><!-- Team memeber--><\/p>\n<p><!-- Team memeber--><\/p>\n<div class=\"team-member\">\n<div class=\"team-img\"><img decoding=\"async\" src=\"\/wp-content\/uploads\/2023\/05\/Graphic_Elements.png\" \/><\/div>\n<div class=\"team-bio\">\n<h4>Meredith Ruleman<\/h4>\n<h6>Traduttrice inglese<\/h6>\n<\/div>\n<\/div>\n<p><!-- Team memeber--><\/p>\n<div class=\"team-member\">\n<div class=\"team-img\"><img decoding=\"async\" src=\"\/wp-content\/uploads\/2023\/05\/Graphic_Elements.png\" \/><\/div>\n<div class=\"team-bio\">\n<h4>Marco Carlone<\/h4>\n<h6>Traduttore italiano<\/h6>\n<\/div>\n<\/div>\n<\/section>\n<p><em>E la nostra rete di reporter: Alex King &#8211; Alexandros Katsis &#8211; Simone Benazzo &#8211; Marco Carlone &#8211; Elena Ledda &#8211; Gianluca Battista &#8211; Arshu John &#8211; Maria Matskevich &#8211; Serena Golden &#8211; Jean-Marc Caimi &#8211; Valentina Piccinni &#8211; Thomas Laffitte &#8211; Clara Marchaud &#8211; Valeria Mongelli &#8211; Davide Mancini &#8211; Thomas D\u00e9v\u00e9nyi &#8211; Alessia Capassso &#8211; \u00c9lise Gazengel &#8211; \u00c0ngel Garc\u00eda &#8211; Denis Vejas.<\/em><\/p>\n<h3>Finanziamento trasparente<\/h3>\n<p>ereb esiste innanzitutto grazie ai nostri membri e per i nostri membri. Coinvolgere i nostri lettori nel finanziamento del mezzo \u00e8 il modo migliore per garantire la nostra indipendenza e sostenibilit\u00e0. Tuttavia, questa fonte di finanziamento non \u00e8 sufficiente a coprire tutte le nostre attivit\u00e0. Abbiamo quindi ideato un modello economico diversificato, basato sulle quote associative, sulle sovvenzioni pubbliche e private e su uno studio di produzione. Pubblichiamo tutti i nostri finanziamenti e il loro utilizzo su questa pagina, che viene regolarmente aggiornata.<\/p>\n<p>&nbsp;<\/p>\n<p>&nbsp;<\/p>\n<p>&nbsp;<\/p>\n<p>&nbsp;<\/p>\n<p>&nbsp;<\/p>\n<p>&nbsp;<\/p>\n<p>&nbsp;<\/p>\n<div id=\"ConnectiveDocSignExtentionInstalled\" data-extension-version=\"1.0.4\"><\/div>\n<p>&nbsp;<\/p>\n","protected":false},"excerpt":{"rendered":"<p>Attraversare visioni e collegare destini, ridisegnando l&#8217;Europa dalle fondamenta. ereb \u00e8 il media che vi immerge nell&#8217;intimit\u00e0 del nostro continente. Per esplorare tutti gli angoli di questo nuovo mondo, vi offriamo diverse opzioni: un grande reportage mensile di parole e foto, una newsletter molto personale ogni quindici giorni, altri scambi di email e incontri vivaci [&hellip;]<\/p>\n","protected":false},"author":9,"featured_media":0,"parent":0,"menu_order":0,"comment_status":"closed","ping_status":"closed","template":"","meta":{"_acf_changed":false,"om_disable_all_campaigns":false,"_monsterinsights_skip_tracking":false,"_monsterinsights_sitenote_active":false,"_monsterinsights_sitenote_note":"","_monsterinsights_sitenote_category":0,"_uf_show_specific_survey":0,"_uf_disable_surveys":false,"footnotes":""},"class_list":["post-3923","page","type-page","status-publish","hentry"],"acf":[],"yoast_head":"<!-- This site is optimized with the Yoast SEO plugin v27.5 - https:\/\/yoast.com\/product\/yoast-seo-wordpress\/ -->\n<title>About us - Ereb<\/title>\n<meta name=\"robots\" content=\"index, follow, max-snippet:-1, max-image-preview:large, max-video-preview:-1\" \/>\n<link rel=\"canonical\" href=\"https:\/\/ereb.eu\/it\/about-us\/\" \/>\n<meta property=\"og:locale\" content=\"it_IT\" \/>\n<meta property=\"og:type\" content=\"article\" \/>\n<meta property=\"og:title\" content=\"About us - Ereb\" \/>\n<meta property=\"og:description\" content=\"Attraversare visioni e collegare destini, ridisegnando l&#8217;Europa dalle fondamenta. ereb \u00e8 il media che vi immerge nell&#8217;intimit\u00e0 del nostro continente. Per esplorare tutti gli angoli di questo nuovo mondo, vi offriamo diverse opzioni: un grande reportage mensile di parole e foto, una newsletter molto personale ogni quindici giorni, altri scambi di email e incontri vivaci [&hellip;]\" \/>\n<meta property=\"og:url\" content=\"https:\/\/ereb.eu\/it\/about-us\/\" \/>\n<meta property=\"og:site_name\" content=\"Ereb\" \/>\n<meta property=\"article:modified_time\" content=\"2024-06-06T17:13:07+00:00\" \/>\n<meta name=\"twitter:card\" content=\"summary_large_image\" \/>\n<meta name=\"twitter:label1\" content=\"Est. reading time\" \/>\n\t<meta name=\"twitter:data1\" content=\"5 minutes\" \/>\n<script type=\"application\/ld+json\" class=\"yoast-schema-graph\">{\"@context\":\"https:\\\/\\\/schema.org\",\"@graph\":[{\"@type\":\"WebPage\",\"@id\":\"https:\\\/\\\/ereb.eu\\\/it\\\/about-us\\\/\",\"url\":\"https:\\\/\\\/ereb.eu\\\/it\\\/about-us\\\/\",\"name\":\"About us - Ereb\",\"isPartOf\":{\"@id\":\"https:\\\/\\\/ereb.eu\\\/it\\\/#website\"},\"datePublished\":\"2023-05-22T10:03:47+00:00\",\"dateModified\":\"2024-06-06T17:13:07+00:00\",\"breadcrumb\":{\"@id\":\"https:\\\/\\\/ereb.eu\\\/it\\\/about-us\\\/#breadcrumb\"},\"inLanguage\":\"it-IT\",\"potentialAction\":[{\"@type\":\"ReadAction\",\"target\":[\"https:\\\/\\\/ereb.eu\\\/it\\\/about-us\\\/\"]}]},{\"@type\":\"BreadcrumbList\",\"@id\":\"https:\\\/\\\/ereb.eu\\\/it\\\/about-us\\\/#breadcrumb\",\"itemListElement\":[{\"@type\":\"ListItem\",\"position\":1,\"name\":\"Home\",\"item\":\"https:\\\/\\\/ereb.eu\\\/it\\\/\"},{\"@type\":\"ListItem\",\"position\":2,\"name\":\"About us\"}]},{\"@type\":\"WebSite\",\"@id\":\"https:\\\/\\\/ereb.eu\\\/it\\\/#website\",\"url\":\"https:\\\/\\\/ereb.eu\\\/it\\\/\",\"name\":\"Ereb\",\"description\":\"\",\"potentialAction\":[{\"@type\":\"SearchAction\",\"target\":{\"@type\":\"EntryPoint\",\"urlTemplate\":\"https:\\\/\\\/ereb.eu\\\/it\\\/?s={search_term_string}\"},\"query-input\":{\"@type\":\"PropertyValueSpecification\",\"valueRequired\":true,\"valueName\":\"search_term_string\"}}],\"inLanguage\":\"it-IT\"}]}<\/script>\n<!-- \/ Yoast SEO plugin. -->","yoast_head_json":{"title":"About us - Ereb","robots":{"index":"index","follow":"follow","max-snippet":"max-snippet:-1","max-image-preview":"max-image-preview:large","max-video-preview":"max-video-preview:-1"},"canonical":"https:\/\/ereb.eu\/it\/about-us\/","og_locale":"it_IT","og_type":"article","og_title":"About us - Ereb","og_description":"Attraversare visioni e collegare destini, ridisegnando l&#8217;Europa dalle fondamenta. ereb \u00e8 il media che vi immerge nell&#8217;intimit\u00e0 del nostro continente. Per esplorare tutti gli angoli di questo nuovo mondo, vi offriamo diverse opzioni: un grande reportage mensile di parole e foto, una newsletter molto personale ogni quindici giorni, altri scambi di email e incontri vivaci [&hellip;]","og_url":"https:\/\/ereb.eu\/it\/about-us\/","og_site_name":"Ereb","article_modified_time":"2024-06-06T17:13:07+00:00","twitter_card":"summary_large_image","twitter_misc":{"Est. reading time":"5 minutes"},"schema":{"@context":"https:\/\/schema.org","@graph":[{"@type":"WebPage","@id":"https:\/\/ereb.eu\/it\/about-us\/","url":"https:\/\/ereb.eu\/it\/about-us\/","name":"About us - Ereb","isPartOf":{"@id":"https:\/\/ereb.eu\/it\/#website"},"datePublished":"2023-05-22T10:03:47+00:00","dateModified":"2024-06-06T17:13:07+00:00","breadcrumb":{"@id":"https:\/\/ereb.eu\/it\/about-us\/#breadcrumb"},"inLanguage":"it-IT","potentialAction":[{"@type":"ReadAction","target":["https:\/\/ereb.eu\/it\/about-us\/"]}]},{"@type":"BreadcrumbList","@id":"https:\/\/ereb.eu\/it\/about-us\/#breadcrumb","itemListElement":[{"@type":"ListItem","position":1,"name":"Home","item":"https:\/\/ereb.eu\/it\/"},{"@type":"ListItem","position":2,"name":"About us"}]},{"@type":"WebSite","@id":"https:\/\/ereb.eu\/it\/#website","url":"https:\/\/ereb.eu\/it\/","name":"Ereb","description":"","potentialAction":[{"@type":"SearchAction","target":{"@type":"EntryPoint","urlTemplate":"https:\/\/ereb.eu\/it\/?s={search_term_string}"},"query-input":{"@type":"PropertyValueSpecification","valueRequired":true,"valueName":"search_term_string"}}],"inLanguage":"it-IT"}]}},"_links":{"self":[{"href":"https:\/\/ereb.eu\/it\/wp-json\/wp\/v2\/pages\/3923","targetHints":{"allow":["GET"]}}],"collection":[{"href":"https:\/\/ereb.eu\/it\/wp-json\/wp\/v2\/pages"}],"about":[{"href":"https:\/\/ereb.eu\/it\/wp-json\/wp\/v2\/types\/page"}],"author":[{"embeddable":true,"href":"https:\/\/ereb.eu\/it\/wp-json\/wp\/v2\/users\/9"}],"replies":[{"embeddable":true,"href":"https:\/\/ereb.eu\/it\/wp-json\/wp\/v2\/comments?post=3923"}],"version-history":[{"count":12,"href":"https:\/\/ereb.eu\/it\/wp-json\/wp\/v2\/pages\/3923\/revisions"}],"predecessor-version":[{"id":5160,"href":"https:\/\/ereb.eu\/it\/wp-json\/wp\/v2\/pages\/3923\/revisions\/5160"}],"wp:attachment":[{"href":"https:\/\/ereb.eu\/it\/wp-json\/wp\/v2\/media?parent=3923"}],"curies":[{"name":"wp","href":"https:\/\/api.w.org\/{rel}","templated":true}]}}