{"id":3900,"date":"2023-05-22T09:31:28","date_gmt":"2023-05-22T08:31:28","guid":{"rendered":"https:\/\/ereb.eu\/?page_id=3900"},"modified":"2024-06-06T18:16:55","modified_gmt":"2024-06-06T17:16:55","slug":"notre-manifeste","status":"publish","type":"page","link":"https:\/\/ereb.eu\/fr\/notre-manifeste\/","title":{"rendered":"Notre manifeste"},"content":{"rendered":"<div class=\"column-content\">\n<h3>Pour un journalisme europ\u00e9en plus humain<\/h3>\n<p>Soyons honn\u00eates, \u00eatre europ\u00e9en\u00b7e, on ne sait jamais plus trop ce que \u00e7a veut dire. Pour beaucoup, ce mot \u00e9voque l\u2019ennui, la froideur, le lointain. Et pour cause, dans les d\u00e9bats d\u2019experts ou les \u00e9missions sp\u00e9ciales, il est rarement question de nos passions et pr\u00e9occupations. Pourtant des rues de Bucarest \u00e0 celles de Porto ou d\u2019Ath\u00e8nes, de la campagne lettone aux rives de la M\u00e9diterran\u00e9e, nos destins sont li\u00e9s. Les m\u00eames enjeux\u00a0 climatiques, d\u2019exil, d\u2019identit\u00e9, et de justice sociale nous traversent. La m\u00eame urgence nous anime. Et nous savons qu\u2019au quotidien, aux quatre coins de l\u2019Europe, \u00e0 l\u2019ombre\u00a0 de Bruxelles et des puissances industrielles ou financi\u00e8res, des personnes agissent, combattent, essaient, \u00e9chouent, tentent de nouveau, r\u00e9inventent notre continent et montrent que d\u2019autres voies sont possibles.<\/p>\n<p>C\u2019est pour porter leurs histoires au-del\u00e0 des fronti\u00e8res de leurs pays qu\u2019<i>ereb<\/i> est n\u00e9 en\u00a02021. Pour suivre les 8\u00a0200\u00a0kilom\u00e8tres de\u00a0 fuite de Svetlana hors de Bi\u00e9lorussie\u00a0; sonder\u00a0 Ricard et ses r\u00eaves ind\u00e9pendantistes ; sentir gronder\u00a0 la col\u00e8re de Giannis contre les policiers assasins de son fils ;\u00a0 marcher dans\u00a0 les pas d\u00e9cid\u00e9s de Gaetano gardien de la for\u00eat de son enfance\u00a0 ;\u00a0 lire dans le regard de\u00a0 Kristine \u00e0 la fois la solitude des jours qui ont succ\u00e9d\u00e9 \u00e0 son viol au pays de l\u2019\u00e9galit\u00e9 de genre et sa d\u00e9termination \u00e0 changer le syst\u00e8me judiciaire. Car faire conna\u00eetre ces r\u00e9cits, c\u2019est redonner du pouvoir \u00e0 leurs protagonistes, et connecter celles et ceux qui les d\u00e9couvrent. C\u2019est dessiner un visage plus authentique de notre continent. C\u2019est lutter contre le repli, la r\u00e9signation et s\u2019engager pour une Europe plus solidaire, repr\u00e9sentative et inclusive.<\/p>\n<h3><b>Europe du v\u00e9cu<\/b><\/h3>\n<p>Chez <i>ereb<\/i>, nous pratiquons un journalisme de l\u2019intime. Nous pensons que ce sont les petites histoires qui font la grande, que le personnel est politique et qu\u2019il m\u00e9rite toute notre attention en tant que reporters. Nous envisageons donc ce m\u00e9dia comme une porte\u00a0 d\u2019entr\u00e9e dans l\u2019intimit\u00e9 de l\u2019actualit\u00e9 europ\u00e9enne, que nous aimons appeler entre nous \u201cl\u2019Europe du v\u00e9cu\u201d. Au point de d\u00e9part de l\u2019un de nos reportages \u00e9crits, photo, vid\u00e9o ou d\u2019une newsletter, il y a toujours des faits, mais surtout des humain\u00b7e\u00b7s. Nous laissons les couloirs froids de Bruxelles et les chiffres bruts des rapports aux expert\u00b7e\u00b7s des institutions europ\u00e9ennes pour nous concentrer sur les personnes prises dans le tourbillon des \u00e9v\u00e9nements partout sur notre continent. Nous pensons que ce sont leurs exp\u00e9riences qui font les belles histoires, celles qui interrogent, enrichissent, r\u00e9voltent, bouleversent, inspirent et poussent \u00e0 agir.<\/p>\n<h3><b>Crossborder et polyglotte<\/b><\/h3>\n<p><i>\u00a0\u201cEreb\u201d<\/i> pour les Ph\u00e9nicien\u00b7ne\u00b7s d\u00e9signait l\u2019endroit o\u00f9 le soleil se couche, la zone g\u00e9ographique situ\u00e9e au-del\u00e0 du Bosphore : l\u2019Europe. C\u2019est cet espace \u00e0 la crois\u00e9e de la terre continentale et de la mer M\u00e9diterran\u00e9e, fruit d\u2019une histoire humaine mouvante, riche et complexe, qu\u2019<i>ereb<\/i> raconte aujourd\u2019hui. Comme les 17 millions d\u2019Europ\u00e9en\u00b7ne\u00b7s qui vivent en dehors de leur pays de naissance, nos productions journalistiques traversent les fronti\u00e8res. Les fronti\u00e8res g\u00e9ographiques, politiques, mais aussi linguistiques. Pour connecter les Europ\u00e9en\u00b7e\u00b7s comme nous le souhaitons et les repr\u00e9senter dans leur diversit\u00e9, impossible de se cantonner \u00e0 un langage. Se limiter \u00e0 une seule langue, ce serait r\u00e9duire notre imaginaire \u00e0 un seul visage. Toutes nos productions &#8211; r\u00e9sultats du travail conjoint de journalistes de diff\u00e9rentes nationalit\u00e9s et milieux &#8211; sont donc\u00a0 disponibles en fran\u00e7ais, anglais et italien.<\/p>\n<h3><b>Journalisme engag\u00e9<\/b><\/h3>\n<p>Nous avons cr\u00e9\u00e9 <i>ereb<\/i>, car nous r\u00eavions d\u2019un m\u00e9dia europ\u00e9en \u00e0 la hauteur des enjeux qui s\u2019imposent \u00e0 nous. <i>ereb<\/i> est\u00a0 un m\u00e9dia engag\u00e9 par le choix des th\u00e9matiques abord\u00e9es &#8211; justice sociale, urgence\u00a0 environnementale, identit\u00e9 et exil &#8211;\u00a0 mais honn\u00eate et s\u00e9rieux dans sa fa\u00e7on de les traiter. Nous ne nous parachutons pas \u00e0 un endroit le temps d\u2019un reportage, mais faisons appel \u00e0 des journalistes implant\u00e9\u00b7e\u00b7s qui connaissent leur sujet et terrain. Nous avons fait le choix d\u2019un rythme de production lent pour toujours prendre le temps de nous impr\u00e9gner de la r\u00e9alit\u00e9 au quotidien et de v\u00e9rifier toute information avant de la publier. Notre travail journalistique s\u2019inscrit \u00e9galement dans la dur\u00e9e. Une fois que nous avons trait\u00e9 un sujet, nous ne le laissons pas de c\u00f4t\u00e9, nous y revenons pour suivre son \u00e9volution. Le mod\u00e8le \u00e9conomique diversifi\u00e9 et la gouvernance coop\u00e9rative que nous avons mis en place nous permettent d\u2019effectuer ce travail en\u00a0 toute ind\u00e9pendance &#8211; du choix des sujets, \u00e0 leur traitement.<\/p>\n<h3><b>Entreprise collective<\/b><\/h3>\n<p><i>ereb<\/i> est plus qu\u2019un m\u00e9dia, c\u2019est aussi une communaut\u00e9 de citoyens et de citoyennes qui veulent s\u2019impliquer dans ce qu\u2019ils et elles lisent. Ces personnes qui ont souscrit \u00e0 notre programme de <i>membership<\/i> payant, nos membres comme nous les appelons, sont au c\u0153ur de la production \u00e9ditoriale puisqu\u2019elles participent chaque mois \u00e0 la s\u00e9lection des prochains reportages. Nous faisons confiance \u00e0 l\u2019intelligence collective et \u00e0 la curiosit\u00e9 de nos membres pour nous guider.\u00a0 Ensemble, nous d\u00e9cidons de ce qu\u2019il est important de mettre \u00e0 l\u2019agenda m\u00e9diatique. Ensemble, nous exp\u00e9rimentons une autre fa\u00e7on de faire du journalisme.<\/p>\n<p>Chez <i>ereb<\/i>, la collaboration est le ma\u00eetre-mot \u00e0 tous les niveaux. Dans nos pratiques \u00e9ditoriales :\u00a0 nos reporters travaillent en bin\u00f4me et leurs articles sont toujours enrichis d\u2019un point de vue ext\u00e9rieur afin de croiser les regards sur un m\u00eame sujet. Dans notre relation avec vous, notre audience : la r\u00e9daction se nourrit continuellement\u00a0 des avis et id\u00e9es de nos membres et les rencontrent r\u00e9guli\u00e8rement.<\/p>\n<p>Vous l\u2019aurez compris, nous n\u2019avons pas peur d\u2019exp\u00e9rimenter et croyons dur comme fer \u00e0 la force du collectif. \u00c0 l\u2019inverse, nous savons que produire un journalisme europ\u00e9en de qualit\u00e9 ne peut se faire sans des membres pr\u00eat\u00b7e\u00b7s \u00e0 nous suivre et \u00e0 nous soutenir.<\/p>\n<p><i>Abonnez-vous \u00e0 <a href=\"https:\/\/ereb.us1.list-manage.com\/subscribe?u=560460a64cef472498f963bbc&amp;id=d2dafc3567\">notre newsletter<\/a> et connectez-vous \u00e0 d\u2019autres destins europ\u00e9ens<\/i><\/p>\n<p style=\"text-align: right;\">L\u2019\u00e9quipe d\u2019<i>ereb<\/i><\/p>\n<\/div>\n<p>&nbsp;<\/p>\n<p>&nbsp;<\/p>\n<div id=\"ConnectiveDocSignExtentionInstalled\" data-extension-version=\"1.0.4\"><\/div>\n<p>&nbsp;<\/p>\n","protected":false},"excerpt":{"rendered":"<p>Pour un journalisme europ\u00e9en plus humain Soyons honn\u00eates, \u00eatre europ\u00e9en\u00b7e, on ne sait jamais plus trop ce que \u00e7a veut dire. Pour beaucoup, ce mot \u00e9voque l\u2019ennui, la froideur, le lointain. Et pour cause, dans les d\u00e9bats d\u2019experts ou les \u00e9missions sp\u00e9ciales, il est rarement question de nos passions et pr\u00e9occupations. Pourtant des rues de [&hellip;]<\/p>\n","protected":false},"author":9,"featured_media":0,"parent":0,"menu_order":0,"comment_status":"closed","ping_status":"closed","template":"","meta":{"_acf_changed":false,"om_disable_all_campaigns":false,"_monsterinsights_skip_tracking":false,"_monsterinsights_sitenote_active":false,"_monsterinsights_sitenote_note":"","_monsterinsights_sitenote_category":0,"_uf_show_specific_survey":0,"_uf_disable_surveys":false,"footnotes":""},"class_list":["post-3900","page","type-page","status-publish","hentry"],"acf":[],"yoast_head":"<!-- This site is optimized with the Yoast SEO plugin v27.5 - https:\/\/yoast.com\/product\/yoast-seo-wordpress\/ -->\n<title>Notre manifeste - Ereb<\/title>\n<meta name=\"robots\" content=\"index, follow, max-snippet:-1, max-image-preview:large, max-video-preview:-1\" \/>\n<link rel=\"canonical\" href=\"https:\/\/ereb.eu\/fr\/notre-manifeste\/\" \/>\n<meta property=\"og:locale\" content=\"fr_FR\" \/>\n<meta property=\"og:type\" content=\"article\" \/>\n<meta property=\"og:title\" content=\"Notre manifeste - Ereb\" \/>\n<meta property=\"og:description\" content=\"Pour un journalisme europ\u00e9en plus humain Soyons honn\u00eates, \u00eatre europ\u00e9en\u00b7e, on ne sait jamais plus trop ce que \u00e7a veut dire. Pour beaucoup, ce mot \u00e9voque l\u2019ennui, la froideur, le lointain. Et pour cause, dans les d\u00e9bats d\u2019experts ou les \u00e9missions sp\u00e9ciales, il est rarement question de nos passions et pr\u00e9occupations. Pourtant des rues de [&hellip;]\" \/>\n<meta property=\"og:url\" content=\"https:\/\/ereb.eu\/fr\/notre-manifeste\/\" \/>\n<meta property=\"og:site_name\" content=\"Ereb\" \/>\n<meta property=\"article:modified_time\" content=\"2024-06-06T17:16:55+00:00\" \/>\n<meta name=\"twitter:card\" content=\"summary_large_image\" \/>\n<meta name=\"twitter:label1\" content=\"Est. reading time\" \/>\n\t<meta name=\"twitter:data1\" content=\"5 minutes\" \/>\n<script type=\"application\/ld+json\" class=\"yoast-schema-graph\">{\"@context\":\"https:\\\/\\\/schema.org\",\"@graph\":[{\"@type\":\"WebPage\",\"@id\":\"https:\\\/\\\/ereb.eu\\\/fr\\\/notre-manifeste\\\/\",\"url\":\"https:\\\/\\\/ereb.eu\\\/fr\\\/notre-manifeste\\\/\",\"name\":\"Notre manifeste - Ereb\",\"isPartOf\":{\"@id\":\"https:\\\/\\\/ereb.eu\\\/fr\\\/#website\"},\"datePublished\":\"2023-05-22T08:31:28+00:00\",\"dateModified\":\"2024-06-06T17:16:55+00:00\",\"breadcrumb\":{\"@id\":\"https:\\\/\\\/ereb.eu\\\/fr\\\/notre-manifeste\\\/#breadcrumb\"},\"inLanguage\":\"fr-FR\",\"potentialAction\":[{\"@type\":\"ReadAction\",\"target\":[\"https:\\\/\\\/ereb.eu\\\/fr\\\/notre-manifeste\\\/\"]}]},{\"@type\":\"BreadcrumbList\",\"@id\":\"https:\\\/\\\/ereb.eu\\\/fr\\\/notre-manifeste\\\/#breadcrumb\",\"itemListElement\":[{\"@type\":\"ListItem\",\"position\":1,\"name\":\"Home\",\"item\":\"https:\\\/\\\/ereb.eu\\\/fr\\\/\"},{\"@type\":\"ListItem\",\"position\":2,\"name\":\"Notre manifeste\"}]},{\"@type\":\"WebSite\",\"@id\":\"https:\\\/\\\/ereb.eu\\\/fr\\\/#website\",\"url\":\"https:\\\/\\\/ereb.eu\\\/fr\\\/\",\"name\":\"Ereb\",\"description\":\"\",\"potentialAction\":[{\"@type\":\"SearchAction\",\"target\":{\"@type\":\"EntryPoint\",\"urlTemplate\":\"https:\\\/\\\/ereb.eu\\\/fr\\\/?s={search_term_string}\"},\"query-input\":{\"@type\":\"PropertyValueSpecification\",\"valueRequired\":true,\"valueName\":\"search_term_string\"}}],\"inLanguage\":\"fr-FR\"}]}<\/script>\n<!-- \/ Yoast SEO plugin. -->","yoast_head_json":{"title":"Notre manifeste - Ereb","robots":{"index":"index","follow":"follow","max-snippet":"max-snippet:-1","max-image-preview":"max-image-preview:large","max-video-preview":"max-video-preview:-1"},"canonical":"https:\/\/ereb.eu\/fr\/notre-manifeste\/","og_locale":"fr_FR","og_type":"article","og_title":"Notre manifeste - Ereb","og_description":"Pour un journalisme europ\u00e9en plus humain Soyons honn\u00eates, \u00eatre europ\u00e9en\u00b7e, on ne sait jamais plus trop ce que \u00e7a veut dire. Pour beaucoup, ce mot \u00e9voque l\u2019ennui, la froideur, le lointain. Et pour cause, dans les d\u00e9bats d\u2019experts ou les \u00e9missions sp\u00e9ciales, il est rarement question de nos passions et pr\u00e9occupations. Pourtant des rues de [&hellip;]","og_url":"https:\/\/ereb.eu\/fr\/notre-manifeste\/","og_site_name":"Ereb","article_modified_time":"2024-06-06T17:16:55+00:00","twitter_card":"summary_large_image","twitter_misc":{"Est. reading time":"5 minutes"},"schema":{"@context":"https:\/\/schema.org","@graph":[{"@type":"WebPage","@id":"https:\/\/ereb.eu\/fr\/notre-manifeste\/","url":"https:\/\/ereb.eu\/fr\/notre-manifeste\/","name":"Notre manifeste - Ereb","isPartOf":{"@id":"https:\/\/ereb.eu\/fr\/#website"},"datePublished":"2023-05-22T08:31:28+00:00","dateModified":"2024-06-06T17:16:55+00:00","breadcrumb":{"@id":"https:\/\/ereb.eu\/fr\/notre-manifeste\/#breadcrumb"},"inLanguage":"fr-FR","potentialAction":[{"@type":"ReadAction","target":["https:\/\/ereb.eu\/fr\/notre-manifeste\/"]}]},{"@type":"BreadcrumbList","@id":"https:\/\/ereb.eu\/fr\/notre-manifeste\/#breadcrumb","itemListElement":[{"@type":"ListItem","position":1,"name":"Home","item":"https:\/\/ereb.eu\/fr\/"},{"@type":"ListItem","position":2,"name":"Notre manifeste"}]},{"@type":"WebSite","@id":"https:\/\/ereb.eu\/fr\/#website","url":"https:\/\/ereb.eu\/fr\/","name":"Ereb","description":"","potentialAction":[{"@type":"SearchAction","target":{"@type":"EntryPoint","urlTemplate":"https:\/\/ereb.eu\/fr\/?s={search_term_string}"},"query-input":{"@type":"PropertyValueSpecification","valueRequired":true,"valueName":"search_term_string"}}],"inLanguage":"fr-FR"}]}},"_links":{"self":[{"href":"https:\/\/ereb.eu\/fr\/wp-json\/wp\/v2\/pages\/3900","targetHints":{"allow":["GET"]}}],"collection":[{"href":"https:\/\/ereb.eu\/fr\/wp-json\/wp\/v2\/pages"}],"about":[{"href":"https:\/\/ereb.eu\/fr\/wp-json\/wp\/v2\/types\/page"}],"author":[{"embeddable":true,"href":"https:\/\/ereb.eu\/fr\/wp-json\/wp\/v2\/users\/9"}],"replies":[{"embeddable":true,"href":"https:\/\/ereb.eu\/fr\/wp-json\/wp\/v2\/comments?post=3900"}],"version-history":[{"count":7,"href":"https:\/\/ereb.eu\/fr\/wp-json\/wp\/v2\/pages\/3900\/revisions"}],"predecessor-version":[{"id":5163,"href":"https:\/\/ereb.eu\/fr\/wp-json\/wp\/v2\/pages\/3900\/revisions\/5163"}],"wp:attachment":[{"href":"https:\/\/ereb.eu\/fr\/wp-json\/wp\/v2\/media?parent=3900"}],"curies":[{"name":"wp","href":"https:\/\/api.w.org\/{rel}","templated":true}]}}