{"version":"1.0","provider_name":"Ereb","provider_url":"https:\/\/ereb.eu\/fr\/","title":"N\u00b025 - La pluie et le beau temps - Ereb","type":"rich","width":600,"height":338,"html":"<blockquote class=\"wp-embedded-content\" data-secret=\"fkidkk0fpX\"><a href=\"https:\/\/ereb.eu\/fr\/newsletters\/n25-la-pluie-et-le-beau-temps\/\">N\u00b025 &#8211; La pluie et le beau temps<\/a><\/blockquote><iframe sandbox=\"allow-scripts\" security=\"restricted\" src=\"https:\/\/ereb.eu\/fr\/newsletters\/n25-la-pluie-et-le-beau-temps\/embed\/#?secret=fkidkk0fpX\" width=\"600\" height=\"338\" title=\"&#8220;N\u00b025 &#8211; La pluie et le beau temps&#8221; &#8212; Ereb\" data-secret=\"fkidkk0fpX\" frameborder=\"0\" marginwidth=\"0\" marginheight=\"0\" scrolling=\"no\" class=\"wp-embedded-content\"><\/iframe><script>\n\/*! This file is auto-generated *\/\n!function(d,l){\"use strict\";l.querySelector&&d.addEventListener&&\"undefined\"!=typeof URL&&(d.wp=d.wp||{},d.wp.receiveEmbedMessage||(d.wp.receiveEmbedMessage=function(e){var t=e.data;if((t||t.secret||t.message||t.value)&&!\/[^a-zA-Z0-9]\/.test(t.secret)){for(var s,r,n,a=l.querySelectorAll('iframe[data-secret=\"'+t.secret+'\"]'),o=l.querySelectorAll('blockquote[data-secret=\"'+t.secret+'\"]'),c=new RegExp(\"^https?:$\",\"i\"),i=0;i<o.length;i++)o[i].style.display=\"none\";for(i=0;i<a.length;i++)s=a[i],e.source===s.contentWindow&&(s.removeAttribute(\"style\"),\"height\"===t.message?(1e3<(r=parseInt(t.value,10))?r=1e3:~~r<200&&(r=200),s.height=r):\"link\"===t.message&&(r=new URL(s.getAttribute(\"src\")),n=new URL(t.value),c.test(n.protocol))&&n.host===r.host&&l.activeElement===s&&(d.top.location.href=t.value))}},d.addEventListener(\"message\",d.wp.receiveEmbedMessage,!1),l.addEventListener(\"DOMContentLoaded\",function(){for(var e,t,s=l.querySelectorAll(\"iframe.wp-embedded-content\"),r=0;r<s.length;r++)(t=(e=s[r]).getAttribute(\"data-secret\"))||(t=Math.random().toString(36).substring(2,12),e.src+=\"#?secret=\"+t,e.setAttribute(\"data-secret\",t)),e.contentWindow.postMessage({message:\"ready\",secret:t},\"*\")},!1)))}(window,document);\n\/\/# sourceURL=https:\/\/ereb.eu\/wp-includes\/js\/wp-embed.min.js\n<\/script>\n","description":"Joseph a 56\u00a0ans. Il\u00a0descend d\u2019une longue lign\u00e9e de fermiers maltais. \u00c0\u00a0cause du changement climatique, il a d\u00fb modifier le rythme de ses plantations, mais surtout investir dans d\u2019immenses r\u00e9servoirs pour faire face \u00e0 la s\u00e9cheresse qui frappe le pays. Ce\u00a0qui ne l\u2019emp\u00eache pas d\u2019\u00eatre inquiet pour l\u2019avenir de la terre de l\u2019\u00eele et de ses cultivateur\u00b7ice\u00b7s"}